{"id":1591,"date":"2017-03-22T11:35:59","date_gmt":"2017-03-22T11:35:59","guid":{"rendered":"http:\/\/monbarcino.com\/producto\/ruta-el-raval\/"},"modified":"2026-04-30T05:21:49","modified_gmt":"2026-04-30T05:21:49","slug":"ruta-el-raval","status":"publish","type":"product","link":"https:\/\/monbarcino.com\/ca\/producto\/ruta-el-raval\/","title":{"rendered":"Ruta El Raval"},"content":{"rendered":"<p><\/p>\n<div class=\"o9v6fnle cxmmr5t8 oygrvhab hcukyx3x c1et5uql ii04i59q\">\n<div dir=\"auto\">El Raval, terme d&#8217;origen \u00e0rab que vol dir a les afores, ha estat sempre un territori al marge. A l&#8217;edat mitjana a les fores de les muralles medievals.Anys m\u00e9s tard estigmatitzat per territori on vivien leprosos, prostitutes o col.lectius exclosos de a ciutat intramurs.<\/div>\n<div dir=\"auto\"><\/div>\n<\/div>\n<div class=\"o9v6fnle cxmmr5t8 oygrvhab hcukyx3x c1et5uql ii04i59q\">\n<div dir=\"auto\">Un barri apartat que va atraure les primeres ordes religioses, els primers centres sanitaris i de beneficiencia i m\u00e9s tard al segle XIX ,les primeres f\u00e0briques.<\/div>\n<\/div>\n<div class=\"o9v6fnle cxmmr5t8 oygrvhab hcukyx3x c1et5uql ii04i59q\">\n<div dir=\"auto\">Aquestes diverses situacions, han fet del Raval un barri amb una barreja d&#8217;usos,cultures i clases que li han donat l&#8217;actual tarann\u00e0.<\/div>\n<div dir=\"auto\"><\/div>\n<\/div>\n<div class=\"o9v6fnle cxmmr5t8 oygrvhab hcukyx3x c1et5uql ii04i59q\">\n<div dir=\"auto\">Acompany&#8217;ns en aquesta ruta on descubrirem el seu passat agr\u00edcola, les diferents ordes religioses i de benefic\u00e8ncia a la edat mitjana,els grans tresors patrimonials rom\u00e0nics i g\u00f2tics i com no el seu passat industrial, cuna de l&#8217;obrerisme.<\/div>\n<\/div>\n<p><\/p>","protected":false},"excerpt":{"rendered":"<p><span class=\"Y2IQFc\" lang=\"es\">Diumenge 19 d&#8217;Abril 10:30 hores<\/span><\/p>\n<p>El Raval, terme d&#8217;origen \u00e0rab que vol dir a les afores, ha estat sempre un territori al marge. A l&#8217;edat mitjana a les fores de les muralles medievals.Anys m\u00e9s tard estigmatitzat per territori on vivien leprosos, prostitutes o col.lectius exclosos de a ciutat intramurs.<\/p>\n<div class=\"o9v6fnle cxmmr5t8 oygrvhab hcukyx3x c1et5uql ii04i59q\">\n<div dir=\"auto\"><\/div>\n<\/div>\n<div class=\"o9v6fnle cxmmr5t8 oygrvhab hcukyx3x c1et5uql ii04i59q\">\n<div dir=\"auto\">Un barri apartat que va atraeure les primeres ordes religioses, els primers centres sanitaris i de beneficiencia i m\u00e9s tard al segle XIX , les primeres f\u00e0briques.<\/div>\n<\/div>\n<div class=\"o9v6fnle cxmmr5t8 oygrvhab hcukyx3x c1et5uql ii04i59q\">\n<div dir=\"auto\">Aquestes diverses situacions, han fet del Raval un barri amb una barreja d&#8217;usos,cultures i clases que li han donat l&#8217;actual tarann\u00e0.<\/div>\n<div dir=\"auto\"><\/div>\n<\/div>\n<div class=\"o9v6fnle cxmmr5t8 oygrvhab hcukyx3x c1et5uql ii04i59q\">\n<div dir=\"auto\">Acompany&#8217;ns en aquesta ruta on descubrirem el seu passat agr\u00edcola, les diferents ordes religioses i de benefic\u00e8ncia a la edat mitjana,els grans tresors patrimonials rom\u00e0nics i g\u00f2tics i com no el seu passat industrial, cuna de l&#8217;obrerisme.<\/div>\n<\/div>\n","protected":false},"featured_media":276,"comment_status":"open","ping_status":"closed","template":"","meta":[],"product_cat":[277,275],"product_tag":[],"yoast_head":"<!-- This site is optimized with the Yoast SEO plugin v19.2 - https:\/\/yoast.com\/wordpress\/plugins\/seo\/ -->\n<title>Ruta El Raval - M\u00f3n Barcino<\/title>\n<meta name=\"robots\" content=\"index, follow, max-snippet:-1, max-image-preview:large, max-video-preview:-1\" \/>\n<link rel=\"canonical\" href=\"https:\/\/monbarcino.com\/producto\/ruta-el-raval\/\" \/>\n<meta property=\"og:locale\" content=\"ca_ES\" \/>\n<meta property=\"og:type\" content=\"article\" \/>\n<meta property=\"og:title\" content=\"Ruta El Raval - M\u00f3n Barcino\" \/>\n<meta property=\"og:description\" content=\"[:es]Domingo 19 de Abril 10:30 horas El Raval, t\u00e9rmino de origen \u00e1rabe que significa a las afueras, ha sido siempre un territorio al margen. En la edad media a las fueras de las murallas medievales. A\u00f1os m\u00e1s tarde estigmatizado por ser el territorio donde viv\u00edan leprosos, prostitutas o colectivos excluidos de la ciudad intramuros. Un barrio apartado que atrajo a las primeras \u00f3rdenes religiosas, los primeros centros sanitarios y de beneficiencia y m\u00e1s tarde en el siglo XIX, las primeras f\u00e1bricas. Estas diversas situaciones han hecho del Raval un barrio con una mezcla de usos, culturas y clases que le han dado el actual talante. Acomp\u00e1\u00f1anos en esta ruta donde descubriremos su pasado agr\u00edcola, las diferentes \u00f3rdenes religiosas y de beneficencia en la edad media, los grandes tesoros patrimoniales rom\u00e1nicos y g\u00f3ticos y como no su pasado industrial, cuna del obrerismo.[:ca]Diumenge 19 d&#039;Abril 10:30 hores  El Raval, terme d&#039;origen \u00e0rab que vol dir a les afores, ha estat sempre un territori al marge. A l&#039;edat mitjana a les fores de les muralles medievals.Anys m\u00e9s tard estigmatitzat per territori on vivien leprosos, prostitutes o col.lectius exclosos de a ciutat intramurs.     Un barri apartat que va atraeure les primeres ordes religioses, els primers centres sanitaris i de beneficiencia i m\u00e9s tard al segle XIX , les primeres f\u00e0briques.   Aquestes diverses situacions, han fet del Raval un barri amb una barreja d&#039;usos,cultures i clases que li han donat l&#039;actual tarann\u00e0.    Acompany&#039;ns en aquesta ruta on descubrirem el seu passat agr\u00edcola, les diferents ordes religioses i de benefic\u00e8ncia a la edat mitjana,els grans tresors patrimonials rom\u00e0nics i g\u00f2tics i com no el seu passat industrial, cuna de l&#039;obrerisme. [:]\" \/>\n<meta property=\"og:url\" content=\"https:\/\/monbarcino.com\/producto\/ruta-el-raval\/\" \/>\n<meta property=\"og:site_name\" content=\"M\u00f3n Barcino\" \/>\n<meta property=\"article:publisher\" content=\"https:\/\/www.facebook.com\/Monbarcino\/\" \/>\n<meta property=\"article:modified_time\" content=\"2026-04-30T05:21:49+00:00\" \/>\n<meta property=\"og:image\" content=\"https:\/\/monbarcino.com\/wp-content\/uploads\/2013\/01\/sant_pau_del_camp_-_claustre2-scaled.jpg\" \/>\n\t<meta property=\"og:image:width\" content=\"2560\" \/>\n\t<meta property=\"og:image:height\" content=\"1702\" \/>\n\t<meta property=\"og:image:type\" content=\"image\/jpeg\" \/>\n<meta name=\"author\" content=\"Juanjo Martinez\" \/>\n<meta name=\"twitter:card\" content=\"summary_large_image\" \/>\n<meta name=\"twitter:site\" content=\"@monbarcino\" \/>\n<meta name=\"twitter:label1\" content=\"Temps estimat de lectura\" \/>\n\t<meta name=\"twitter:data1\" content=\"1 minut\" \/>\n<script type=\"application\/ld+json\" class=\"yoast-schema-graph\">{\"@context\":\"https:\/\/schema.org\",\"@graph\":[{\"@type\":\"Organization\",\"@id\":\"http:\/\/monbarcino.com\/#organization\",\"name\":\"MonBarcino\",\"url\":\"http:\/\/monbarcino.com\/\",\"sameAs\":[\"https:\/\/www.instagram.com\/monbarcino\/\",\"https:\/\/www.facebook.com\/Monbarcino\/\",\"https:\/\/twitter.com\/monbarcino\"],\"logo\":{\"@type\":\"ImageObject\",\"inLanguage\":\"ca\",\"@id\":\"http:\/\/monbarcino.com\/#\/schema\/logo\/image\/\",\"url\":\"https:\/\/monbarcino.com\/wp-content\/uploads\/2019\/04\/logo.jpg\",\"contentUrl\":\"https:\/\/monbarcino.com\/wp-content\/uploads\/2019\/04\/logo.jpg\",\"width\":750,\"height\":703,\"caption\":\"MonBarcino\"},\"image\":{\"@id\":\"http:\/\/monbarcino.com\/#\/schema\/logo\/image\/\"}},{\"@type\":\"WebSite\",\"@id\":\"http:\/\/monbarcino.com\/#website\",\"url\":\"http:\/\/monbarcino.com\/\",\"name\":\"M\u00f3n Barcino\",\"description\":\"Rutes i visites guiades per Barcelona\",\"publisher\":{\"@id\":\"http:\/\/monbarcino.com\/#organization\"},\"potentialAction\":[{\"@type\":\"SearchAction\",\"target\":{\"@type\":\"EntryPoint\",\"urlTemplate\":\"http:\/\/monbarcino.com\/?s={search_term_string}\"},\"query-input\":\"required name=search_term_string\"}],\"inLanguage\":\"ca\"},{\"@type\":\"ImageObject\",\"inLanguage\":\"ca\",\"@id\":\"https:\/\/monbarcino.com\/producto\/ruta-el-raval\/#primaryimage\",\"url\":\"https:\/\/monbarcino.com\/wp-content\/uploads\/2013\/01\/sant_pau_del_camp_-_claustre2-scaled.jpg\",\"contentUrl\":\"https:\/\/monbarcino.com\/wp-content\/uploads\/2013\/01\/sant_pau_del_camp_-_claustre2-scaled.jpg\",\"width\":2560,\"height\":1702},{\"@type\":\"WebPage\",\"@id\":\"https:\/\/monbarcino.com\/producto\/ruta-el-raval\/#webpage\",\"url\":\"https:\/\/monbarcino.com\/producto\/ruta-el-raval\/\",\"name\":\"Ruta El Raval - M\u00f3n Barcino\",\"isPartOf\":{\"@id\":\"http:\/\/monbarcino.com\/#website\"},\"primaryImageOfPage\":{\"@id\":\"https:\/\/monbarcino.com\/producto\/ruta-el-raval\/#primaryimage\"},\"datePublished\":\"2017-03-22T11:35:59+00:00\",\"dateModified\":\"2026-04-30T05:21:49+00:00\",\"breadcrumb\":{\"@id\":\"https:\/\/monbarcino.com\/producto\/ruta-el-raval\/#breadcrumb\"},\"inLanguage\":\"ca\",\"potentialAction\":[{\"@type\":\"ReadAction\",\"target\":[\"https:\/\/monbarcino.com\/producto\/ruta-el-raval\/\"]}]},{\"@type\":\"BreadcrumbList\",\"@id\":\"https:\/\/monbarcino.com\/producto\/ruta-el-raval\/#breadcrumb\",\"itemListElement\":[{\"@type\":\"ListItem\",\"position\":1,\"name\":\"Portada\",\"item\":\"http:\/\/monbarcino.com\/\"},{\"@type\":\"ListItem\",\"position\":2,\"name\":\"Rutas\",\"item\":\"http:\/\/monbarcino.com\/rutas\/\"},{\"@type\":\"ListItem\",\"position\":3,\"name\":\"Ruta El Raval\"}]}]}<\/script>\n<!-- \/ Yoast SEO plugin. -->","yoast_head_json":{"title":"Ruta El Raval - M\u00f3n Barcino","robots":{"index":"index","follow":"follow","max-snippet":"max-snippet:-1","max-image-preview":"max-image-preview:large","max-video-preview":"max-video-preview:-1"},"canonical":"https:\/\/monbarcino.com\/producto\/ruta-el-raval\/","og_locale":"ca_ES","og_type":"article","og_title":"Ruta El Raval - M\u00f3n Barcino","og_description":"[:es]Domingo 19 de Abril 10:30 horas El Raval, t\u00e9rmino de origen \u00e1rabe que significa a las afueras, ha sido siempre un territorio al margen. En la edad media a las fueras de las murallas medievales. A\u00f1os m\u00e1s tarde estigmatizado por ser el territorio donde viv\u00edan leprosos, prostitutas o colectivos excluidos de la ciudad intramuros. Un barrio apartado que atrajo a las primeras \u00f3rdenes religiosas, los primeros centros sanitarios y de beneficiencia y m\u00e1s tarde en el siglo XIX, las primeras f\u00e1bricas. Estas diversas situaciones han hecho del Raval un barrio con una mezcla de usos, culturas y clases que le han dado el actual talante. Acomp\u00e1\u00f1anos en esta ruta donde descubriremos su pasado agr\u00edcola, las diferentes \u00f3rdenes religiosas y de beneficencia en la edad media, los grandes tesoros patrimoniales rom\u00e1nicos y g\u00f3ticos y como no su pasado industrial, cuna del obrerismo.[:ca]Diumenge 19 d'Abril 10:30 hores  El Raval, terme d'origen \u00e0rab que vol dir a les afores, ha estat sempre un territori al marge. A l'edat mitjana a les fores de les muralles medievals.Anys m\u00e9s tard estigmatitzat per territori on vivien leprosos, prostitutes o col.lectius exclosos de a ciutat intramurs.     Un barri apartat que va atraeure les primeres ordes religioses, els primers centres sanitaris i de beneficiencia i m\u00e9s tard al segle XIX , les primeres f\u00e0briques.   Aquestes diverses situacions, han fet del Raval un barri amb una barreja d'usos,cultures i clases que li han donat l'actual tarann\u00e0.    Acompany'ns en aquesta ruta on descubrirem el seu passat agr\u00edcola, les diferents ordes religioses i de benefic\u00e8ncia a la edat mitjana,els grans tresors patrimonials rom\u00e0nics i g\u00f2tics i com no el seu passat industrial, cuna de l'obrerisme. [:]","og_url":"https:\/\/monbarcino.com\/producto\/ruta-el-raval\/","og_site_name":"M\u00f3n Barcino","article_publisher":"https:\/\/www.facebook.com\/Monbarcino\/","article_modified_time":"2026-04-30T05:21:49+00:00","og_image":[{"width":2560,"height":1702,"url":"https:\/\/monbarcino.com\/wp-content\/uploads\/2013\/01\/sant_pau_del_camp_-_claustre2-scaled.jpg","type":"image\/jpeg"}],"author":"Juanjo Martinez","twitter_card":"summary_large_image","twitter_site":"@monbarcino","twitter_misc":{"Temps estimat de lectura":"1 minut"},"schema":{"@context":"https:\/\/schema.org","@graph":[{"@type":"Organization","@id":"http:\/\/monbarcino.com\/#organization","name":"MonBarcino","url":"http:\/\/monbarcino.com\/","sameAs":["https:\/\/www.instagram.com\/monbarcino\/","https:\/\/www.facebook.com\/Monbarcino\/","https:\/\/twitter.com\/monbarcino"],"logo":{"@type":"ImageObject","inLanguage":"ca","@id":"http:\/\/monbarcino.com\/#\/schema\/logo\/image\/","url":"https:\/\/monbarcino.com\/wp-content\/uploads\/2019\/04\/logo.jpg","contentUrl":"https:\/\/monbarcino.com\/wp-content\/uploads\/2019\/04\/logo.jpg","width":750,"height":703,"caption":"MonBarcino"},"image":{"@id":"http:\/\/monbarcino.com\/#\/schema\/logo\/image\/"}},{"@type":"WebSite","@id":"http:\/\/monbarcino.com\/#website","url":"http:\/\/monbarcino.com\/","name":"M\u00f3n Barcino","description":"Rutes i visites guiades per Barcelona","publisher":{"@id":"http:\/\/monbarcino.com\/#organization"},"potentialAction":[{"@type":"SearchAction","target":{"@type":"EntryPoint","urlTemplate":"http:\/\/monbarcino.com\/?s={search_term_string}"},"query-input":"required name=search_term_string"}],"inLanguage":"ca"},{"@type":"ImageObject","inLanguage":"ca","@id":"https:\/\/monbarcino.com\/producto\/ruta-el-raval\/#primaryimage","url":"https:\/\/monbarcino.com\/wp-content\/uploads\/2013\/01\/sant_pau_del_camp_-_claustre2-scaled.jpg","contentUrl":"https:\/\/monbarcino.com\/wp-content\/uploads\/2013\/01\/sant_pau_del_camp_-_claustre2-scaled.jpg","width":2560,"height":1702},{"@type":"WebPage","@id":"https:\/\/monbarcino.com\/producto\/ruta-el-raval\/#webpage","url":"https:\/\/monbarcino.com\/producto\/ruta-el-raval\/","name":"Ruta El Raval - M\u00f3n Barcino","isPartOf":{"@id":"http:\/\/monbarcino.com\/#website"},"primaryImageOfPage":{"@id":"https:\/\/monbarcino.com\/producto\/ruta-el-raval\/#primaryimage"},"datePublished":"2017-03-22T11:35:59+00:00","dateModified":"2026-04-30T05:21:49+00:00","breadcrumb":{"@id":"https:\/\/monbarcino.com\/producto\/ruta-el-raval\/#breadcrumb"},"inLanguage":"ca","potentialAction":[{"@type":"ReadAction","target":["https:\/\/monbarcino.com\/producto\/ruta-el-raval\/"]}]},{"@type":"BreadcrumbList","@id":"https:\/\/monbarcino.com\/producto\/ruta-el-raval\/#breadcrumb","itemListElement":[{"@type":"ListItem","position":1,"name":"Portada","item":"http:\/\/monbarcino.com\/"},{"@type":"ListItem","position":2,"name":"Rutas","item":"http:\/\/monbarcino.com\/rutas\/"},{"@type":"ListItem","position":3,"name":"Ruta El Raval"}]}]}},"_links":{"self":[{"href":"https:\/\/monbarcino.com\/ca\/wp-json\/wp\/v2\/product\/1591"}],"collection":[{"href":"https:\/\/monbarcino.com\/ca\/wp-json\/wp\/v2\/product"}],"about":[{"href":"https:\/\/monbarcino.com\/ca\/wp-json\/wp\/v2\/types\/product"}],"replies":[{"embeddable":true,"href":"https:\/\/monbarcino.com\/ca\/wp-json\/wp\/v2\/comments?post=1591"}],"wp:featuredmedia":[{"embeddable":true,"href":"https:\/\/monbarcino.com\/ca\/wp-json\/wp\/v2\/media\/276"}],"wp:attachment":[{"href":"https:\/\/monbarcino.com\/ca\/wp-json\/wp\/v2\/media?parent=1591"}],"wp:term":[{"taxonomy":"product_cat","embeddable":true,"href":"https:\/\/monbarcino.com\/ca\/wp-json\/wp\/v2\/product_cat?post=1591"},{"taxonomy":"product_tag","embeddable":true,"href":"https:\/\/monbarcino.com\/ca\/wp-json\/wp\/v2\/product_tag?post=1591"}],"curies":[{"name":"wp","href":"https:\/\/api.w.org\/{rel}","templated":true}]}}